{"id":39,"date":"2016-08-30T15:30:58","date_gmt":"2016-08-30T13:30:58","guid":{"rendered":"http:\/\/uwg-neumarkt-sankt-veit.de\/?page_id=39"},"modified":"2020-10-18T11:09:09","modified_gmt":"2020-10-18T09:09:09","slug":"1-buergermeister","status":"publish","type":"page","link":"https:\/\/uwg-neumarkt-sankt-veit.de\/?page_id=39","title":{"rendered":"1. B\u00fcrgermeister"},"content":{"rendered":"<p style=\"text-align: center;\"><div class=\"tmm tmm_buergermeister\"><div class=\"tmm_4_columns tmm_wrap tmm_plugin_f\"><span class=\"tmm_two_containers_tablet\"><\/span><div class=\"tmm_container\"><div class=\"tmm_member\" style=\"border-top:#fc9d21 solid 5px;\"><div class=\"tmm_photo tmm_pic_buergermeister_0\" style=\"background: url(http:\/\/uwg-neumarkt-sankt-veit.de\/wp-content\/uploads\/2020\/01\/erwin.jpg); margin-left: auto; margin-right:auto; background-size:cover !important;\"><\/div><div class=\"tmm_textblock\"><div class=\"tmm_names\"><span class=\"tmm_fname\">Erwin<\/span> <span class=\"tmm_lname\">Baumgartner<\/span><\/div><div class=\"tmm_job\">1. B\u00fcrgermeister der Stadt Neumarkt-Sankt Veit<\/div><div class=\"tmm_scblock\"><a class=\"tmm_sociallink\" href=\"mailto:Baumgartner.Erwin@uwg-neumarkt-sankt-veit.de\" title=\"\"><img decoding=\"async\" alt=\"\" src=\"https:\/\/uwg-neumarkt-sankt-veit.de\/wp-content\/plugins\/team-members\/inc\/img\/links\/email.png\"\/><\/a><\/div><\/div><\/div><div style=\"clear:both;\"><\/div><\/div><\/div><\/div><\/p>\n<hr \/>\n<div class=\"con-mitte-left\">\n<div id=\"c310\" class=\"csc-default\">\n<h1><span style=\"text-decoration: underline;\"><strong>Aufgaben und Eink\u00fcnfte des 1. B\u00fcrgermeisters<\/strong><\/span><\/h1>\n<div class=\"csc-textpic-text\">\n<p>Neben seiner Funktion als Chef der Neumarkter Verwaltungsgemeinschaft und der Einrichtungen der Stadt Neumarkt-Sankt Veit leitet der B\u00fcrgermeister die Sitzungen des Stadtrates sowie alle Aussch\u00fcsse, ausgenommen die Sitzungen des Rechnungspr\u00fcfungsausschusses, der Schulverb\u00e4nde Grundschule und Haupt-\/Mittelschule Neumarkt-Sankt Veit und auch der Gemeinschaftsversammlung der Verwaltungsgemeinschaft..<\/p>\n<p>Gem\u00e4\u00df der Gr\u00f6\u00dfe der Stadt wird der erste B\u00fcrgermeister nach der Bayerischen Kommunalbesoldungsverordnung in Besoldungsgruppe A 16 besoldet.<\/p>\n<p>Au\u00dferdem erh\u00e4lt der B\u00fcrgermeister als Mitglied in verschiedenen Aufsichts- und Verwaltungsratsgremien sowie Zweckverb\u00e4nden sogenannte Aufwandsentsch\u00e4digungen. Die Ablieferungsgrenze f\u00fcr Eink\u00fcnfte aus Nebent\u00e4tigkeiten in Aufsichtsrats- und Verwaltungsratsgremien werden selbstverst\u00e4ndlich eingehalten.<\/p>\n<p>Der 1. B\u00fcrgermeister ist in folgenden Gremien vertreten:<\/p>\n<ul>\n<li>Mitglied des Kreistages M\u00fchldorf a. Inn und hier auch Mitglied im Kreisausschuss<\/li>\n<li>Stellvertretender Vorsitzender des Kreisverbandes des Bayerischen Gemeindetages (stellv. B\u00fcrgermeistersprecher)<\/li>\n<li>Mitglied der Zweckverbandsversammlung der Abfallverwertung S\u00fcdostoberbayern, Burgkirchen<\/li>\n<li>Mitglied des Planungsausschusses des Regionalen Planungsverbandes S\u00fcdostoberbayern (Region)<\/li>\n<li>Mitglied der Zweckverbandsversammlung der Kommunalen Verkehrs\u00fcberwachung S\u00fcdostbayern, T\u00f6ging a. Inn und des Verbandsausschusses<\/li>\n<li>Mitglied des Zweckverbandes Erholungs- und Tourismusregion Inn-Salzach<\/li>\n<li>Mitglied im Ausschuss f\u00fcr kreisangeh\u00f6rige St\u00e4dte des Bayerischen Gemeindetages<\/li>\n<li>Mitglied des Personal- und Organisationsausschusses des Bayerischen St\u00e4dtetages<\/li>\n<li>Mitglied des Personal- und Organisationsausschusses des Deutschen St\u00e4dtetages<\/li>\n<li>Vertreter des Bayerischen St\u00e4dtetages im Bereit beim Bayerischen landesverein f\u00fcr Heimatpflege<\/li>\n<li>Vorstandsmitglied des Kreisverbandes des Roten Kreuzes, M\u00fchldorf a. Inn<\/li>\n<li>Vorstand des Vereines \u201eEhrensache\u201c, die Freiwilligenagentur im Landkreis M\u00fchldorf am Inn e.V.<\/li>\n<li>Vorstand des Vereins zur F\u00f6rderung des Geschichtszentrums im Landkreis M\u00fchldorf a. Inn e.V.<\/li>\n<li>Gesellschafter und stellv. Aufsichtsratsvorsitzender der Gemeinn\u00fctzigen Kreis- und Wohnbaugesellschaft mbH M\u00fchldorf a. Inn<\/li>\n<\/ul>\n<\/div>\n<\/div>\n<\/div>\n<p><!--?php echo do_shortcode(\"[team id='149']\"); ?--><\/p>\n","protected":false},"excerpt":{"rendered":"<p>Aufgaben und Eink\u00fcnfte des 1. B\u00fcrgermeisters Neben seiner Funktion als Chef der Neumarkter Verwaltungsgemeinschaft und der Einrichtungen der Stadt Neumarkt-Sankt Veit leitet der B\u00fcrgermeister die Sitzungen des Stadtrates sowie alle Aussch\u00fcsse, ausgenommen die Sitzungen des Rechnungspr\u00fcfungsausschusses, der Schulverb\u00e4nde Grundschule und Haupt-\/Mittelschule Neumarkt-Sankt Veit und auch der Gemeinschaftsversammlung der Verwaltungsgemeinschaft.. Gem\u00e4\u00df der Gr\u00f6\u00dfe der Stadt wird &hellip; <\/p>\n<p><a class=\"more-link btn\" href=\"https:\/\/uwg-neumarkt-sankt-veit.de\/?tmm=buergermeister\">Weiterlesen<\/a><\/p>\n","protected":false},"author":1,"featured_media":0,"parent":0,"menu_order":0,"comment_status":"closed","ping_status":"closed","template":"template-onecolumn.php","meta":{"footnotes":""},"class_list":["post-39","page","type-page","status-publish","hentry","nodate","item-wrap"],"rttpg_featured_image_url":null,"rttpg_author":{"display_name":"UWG-Admin","author_link":"https:\/\/uwg-neumarkt-sankt-veit.de\/?author=1"},"rttpg_comment":0,"rttpg_category":null,"rttpg_excerpt":"Aufgaben und Eink\u00fcnfte des 1. B\u00fcrgermeisters Neben seiner Funktion als Chef der Neumarkter Verwaltungsgemeinschaft und der Einrichtungen der Stadt Neumarkt-Sankt Veit leitet der B\u00fcrgermeister die Sitzungen des Stadtrates sowie alle Aussch\u00fcsse, ausgenommen die Sitzungen des Rechnungspr\u00fcfungsausschusses, der Schulverb\u00e4nde Grundschule und Haupt-\/Mittelschule Neumarkt-Sankt Veit und auch der Gemeinschaftsversammlung der Verwaltungsgemeinschaft.. Gem\u00e4\u00df der Gr\u00f6\u00dfe der Stadt wird&hellip;","_links":{"self":[{"href":"https:\/\/uwg-neumarkt-sankt-veit.de\/index.php?rest_route=\/wp\/v2\/pages\/39","targetHints":{"allow":["GET"]}}],"collection":[{"href":"https:\/\/uwg-neumarkt-sankt-veit.de\/index.php?rest_route=\/wp\/v2\/pages"}],"about":[{"href":"https:\/\/uwg-neumarkt-sankt-veit.de\/index.php?rest_route=\/wp\/v2\/types\/page"}],"author":[{"embeddable":true,"href":"https:\/\/uwg-neumarkt-sankt-veit.de\/index.php?rest_route=\/wp\/v2\/users\/1"}],"replies":[{"embeddable":true,"href":"https:\/\/uwg-neumarkt-sankt-veit.de\/index.php?rest_route=%2Fwp%2Fv2%2Fcomments&post=39"}],"version-history":[{"count":21,"href":"https:\/\/uwg-neumarkt-sankt-veit.de\/index.php?rest_route=\/wp\/v2\/pages\/39\/revisions"}],"predecessor-version":[{"id":1244,"href":"https:\/\/uwg-neumarkt-sankt-veit.de\/index.php?rest_route=\/wp\/v2\/pages\/39\/revisions\/1244"}],"wp:attachment":[{"href":"https:\/\/uwg-neumarkt-sankt-veit.de\/index.php?rest_route=%2Fwp%2Fv2%2Fmedia&parent=39"}],"curies":[{"name":"wp","href":"https:\/\/api.w.org\/{rel}","templated":true}]}}