{"id":30,"date":"2016-08-30T15:26:48","date_gmt":"2016-08-30T13:26:48","guid":{"rendered":"http:\/\/uwg-neumarkt-sankt-veit.de\/?page_id=30"},"modified":"2016-09-06T00:40:13","modified_gmt":"2016-09-05T22:40:13","slug":"stadtraete","status":"publish","type":"page","link":"https:\/\/uwg-neumarkt-sankt-veit.de\/?page_id=30","title":{"rendered":"Stadtratsmitglieder"},"content":{"rendered":"<div class=\"tmm tmm_stadtraete\"><div class=\"tmm_4_columns tmm_wrap tmm_plugin_f\"><span class=\"tmm_two_containers_tablet\"><\/span><div class=\"tmm_container\"><div class=\"tmm_member\" style=\"border-top:#fc9d21 solid 5px;\"><div class=\"tmm_photo tmm_pic_stadtraete_0\" style=\"background: url(http:\/\/uwg-neumarkt-sankt-veit.de\/wp-content\/uploads\/2020\/01\/cristina.jpg); margin-left: auto; margin-right:auto; background-size:cover !important;\"><\/div><div class=\"tmm_textblock\"><div class=\"tmm_names\"><span class=\"tmm_fname\">Christian<\/span> <span class=\"tmm_lname\">Perau<\/span><\/div><div class=\"tmm_job\">Stadtratsmitglied<\/div><div class=\"tmm_desc\" style=\"text-align:center\"><p>Fraktionsvorsitzender; Referent f\u00fcr Feuerwehrwesen; RPA Neumarkt (Stadt Neumarkt-Sankt Veit); Mitglied im Ausschuss Verwaltungsgemeinschaft<\/p><\/div><div class=\"tmm_scblock\"><a class=\"tmm_sociallink\" href=\"mailto:Perau.Christian@uwg-neumarkt-sankt-veit.de\" title=\"\"><img decoding=\"async\" alt=\"\" src=\"https:\/\/uwg-neumarkt-sankt-veit.de\/wp-content\/plugins\/team-members\/inc\/img\/links\/email.png\"\/><\/a><\/div><\/div><\/div><div class=\"tmm_member\" style=\"border-top:#fc9d21 solid 5px;\"><div class=\"tmm_photo tmm_pic_stadtraete_1\" style=\"background: url(http:\/\/uwg-neumarkt-sankt-veit.de\/wp-content\/uploads\/2020\/01\/maria.jpg); margin-left: auto; margin-right:auto; background-size:cover !important;\"><\/div><div class=\"tmm_textblock\"><div class=\"tmm_names\"><span class=\"tmm_fname\">Maria<\/span> <span class=\"tmm_lname\">Kobold<\/span><\/div><div class=\"tmm_job\">Stadtratsmitglied<\/div><div class=\"tmm_desc\" style=\"text-align:center\"><p>RPA Neumarkt (Stadt Neumarkt-Sankt Veit); <\/p><\/div><div class=\"tmm_scblock\"><a class=\"tmm_sociallink\" href=\"mailto:Kobold.Maria@uwg-neumarkt-sankt-veit.de\" title=\"\"><img decoding=\"async\" alt=\"\" src=\"https:\/\/uwg-neumarkt-sankt-veit.de\/wp-content\/plugins\/team-members\/inc\/img\/links\/email.png\"\/><\/a><\/div><\/div><\/div><span class=\"tmm_two_containers_tablet\"><\/span><div class=\"tmm_member\" style=\"border-top:#fc9d21 solid 5px;\"><div class=\"tmm_photo tmm_pic_stadtraete_2\" style=\"background: url(http:\/\/uwg-neumarkt-sankt-veit.de\/wp-content\/uploads\/2020\/01\/michael.jpg); margin-left: auto; margin-right:auto; background-size:cover !important;\"><\/div><div class=\"tmm_textblock\"><div class=\"tmm_names\"><span class=\"tmm_fname\">Michael<\/span> <span class=\"tmm_lname\">L\u00e4chele<\/span><\/div><div class=\"tmm_job\">Stadtratsmitglied<\/div><div class=\"tmm_desc\" style=\"text-align:center\"><p>Mitglied im Bau- und Umweltausschuss; RPA Neumarkt (Stadt Neumarkt-Sankt Veit); Mitglied im Ausschuss Mittelschulverband<\/p><\/div><div class=\"tmm_scblock\"><a class=\"tmm_sociallink\" href=\"mailto:Laechele.Michael@uwg-neumarkt-sankt-veit.de\" title=\"\"><img decoding=\"async\" alt=\"\" src=\"https:\/\/uwg-neumarkt-sankt-veit.de\/wp-content\/plugins\/team-members\/inc\/img\/links\/email.png\"\/><\/a><\/div><\/div><\/div><div class=\"tmm_member\" style=\"border-top:#fc9d21 solid 5px;\"><div class=\"tmm_photo tmm_pic_stadtraete_3\" style=\"background: url(http:\/\/uwg-neumarkt-sankt-veit.de\/wp-content\/uploads\/2020\/01\/sickinger.jpg); margin-left: auto; margin-right:auto; background-size:cover !important;\"><\/div><div class=\"tmm_textblock\"><div class=\"tmm_names\"><span class=\"tmm_fname\">Silke<\/span> <span class=\"tmm_lname\">Auer<\/span><\/div><div class=\"tmm_job\">Stadtratsmitglied<\/div><div class=\"tmm_desc\" style=\"text-align:center\"><p>Referentin f\u00fcr Soziales\/Familie; Mitglied im Finanz- u. Verwaltungsausschuss; Mitglied im Ausschuss Grundschulverband<\/p><\/div><div class=\"tmm_scblock\"><a class=\"tmm_sociallink\" href=\"mailto:Auer.Silke@uwg-neumarkt-sankt-veit.de\" title=\"\"><img decoding=\"async\" alt=\"\" src=\"https:\/\/uwg-neumarkt-sankt-veit.de\/wp-content\/plugins\/team-members\/inc\/img\/links\/email.png\"\/><\/a><\/div><\/div><\/div><span class=\"tmm_two_containers_tablet\"><\/span><\/div><span class=\"tmm_columns_containers_desktop\"><\/span><div class=\"tmm_container\"><div class=\"tmm_member\" style=\"border-top:#fc9d21 solid 5px;\"><div class=\"tmm_photo tmm_pic_stadtraete_4\" style=\"background: url(http:\/\/uwg-neumarkt-sankt-veit.de\/wp-content\/uploads\/2020\/01\/peter.jpg); margin-left: auto; margin-right:auto; background-size:cover !important;\"><\/div><div class=\"tmm_textblock\"><div class=\"tmm_names\"><span class=\"tmm_fname\">Peter<\/span> <span class=\"tmm_lname\">Hobmaier<\/span><\/div><div class=\"tmm_job\">Stadtratsmitglied<\/div><div class=\"tmm_desc\" style=\"text-align:center\"><p>Referent f\u00fcr Sport; Mitglied im Bau- und Umweltausschuss; 1. Vorstand UWG-Ortsverein;<\/p><\/div><div class=\"tmm_scblock\"><a class=\"tmm_sociallink\" href=\"mailto:Hobmaier.Peter@uwg-neumarkt-sankt-veit.de\" title=\"\"><img decoding=\"async\" alt=\"\" src=\"https:\/\/uwg-neumarkt-sankt-veit.de\/wp-content\/plugins\/team-members\/inc\/img\/links\/email.png\"\/><\/a><\/div><\/div><\/div><div class=\"tmm_member\" style=\"border-top:#fc9d21 solid 5px;\"><div class=\"tmm_photo tmm_pic_stadtraete_5\" style=\"background: url(http:\/\/uwg-neumarkt-sankt-veit.de\/wp-content\/uploads\/2020\/01\/sylvia.jpg); margin-left: auto; margin-right:auto; background-size:cover !important;\"><\/div><div class=\"tmm_textblock\"><div class=\"tmm_names\"><span class=\"tmm_fname\">Sylvia<\/span> <span class=\"tmm_lname\">Wegner<\/span><\/div><div class=\"tmm_job\">Stadtratsmitglied<\/div><div class=\"tmm_desc\" style=\"text-align:center\"><p>Behindertenbeauftragte; Mitglied im Finanz- u. Verwaltungsausschuss; Mitglied im B\u00fcchereikuratorium; Mitglied im Ausschuss Verwaltungsgemeinschaft<\/p><\/div><div class=\"tmm_scblock\"><a class=\"tmm_sociallink\" href=\"mailto:Wegner.Sylvia@uwg-neumarkt-sankt-veit.de\" title=\"\"><img decoding=\"async\" alt=\"\" src=\"https:\/\/uwg-neumarkt-sankt-veit.de\/wp-content\/plugins\/team-members\/inc\/img\/links\/email.png\"\/><\/a><\/div><\/div><\/div><span class=\"tmm_two_containers_tablet\"><\/span><div class=\"tmm_member\" style=\"border-top:#fc9d21 solid 5px;\"><div class=\"tmm_photo tmm_pic_stadtraete_6\" style=\"background: url(http:\/\/uwg-neumarkt-sankt-veit.de\/wp-content\/uploads\/2020\/01\/klaus.jpg); margin-left: auto; margin-right:auto; background-size:cover !important;\"><\/div><div class=\"tmm_textblock\"><div class=\"tmm_names\"><span class=\"tmm_fname\">Klaus<\/span> <span class=\"tmm_lname\">Windhager<\/span><\/div><div class=\"tmm_job\">Stadtratsmitglied<\/div><div class=\"tmm_desc\" style=\"text-align:center\"><p>Mitglied im Finanz- u. Verwaltungsausschuss;<\/p><\/div><div class=\"tmm_scblock\"><a class=\"tmm_sociallink\" href=\"mailto:Windhager.Klaus@uwg-neumarkt-sankt-veit.de\" title=\"\"><img decoding=\"async\" alt=\"\" src=\"https:\/\/uwg-neumarkt-sankt-veit.de\/wp-content\/plugins\/team-members\/inc\/img\/links\/email.png\"\/><\/a><\/div><\/div><\/div><div class=\"tmm_member\" style=\"border-top:#fc9d21 solid 5px;\"><div class=\"tmm_photo tmm_pic_stadtraete_7\" style=\"background: url(http:\/\/uwg-neumarkt-sankt-veit.de\/wp-content\/uploads\/2020\/01\/monika.jpg); margin-left: auto; margin-right:auto; background-size:cover !important;\"><\/div><div class=\"tmm_textblock\"><div class=\"tmm_names\"><span class=\"tmm_fname\">Monika<\/span> <span class=\"tmm_lname\">Eisenreich<\/span><\/div><div class=\"tmm_job\">Stadtratsmitglied<\/div><div class=\"tmm_desc\" style=\"text-align:center\"><p>Mitglied im Bau- und Umweltausschuss; Mitglied im Ausschuss Verwaltungsgemeinschaft<\/p><\/div><div class=\"tmm_scblock\"><a class=\"tmm_sociallink\" href=\"mailto:Eisenreich.Monika@uwg-neumarkt-sankt-veit.de\" title=\"\"><img decoding=\"async\" alt=\"\" src=\"https:\/\/uwg-neumarkt-sankt-veit.de\/wp-content\/plugins\/team-members\/inc\/img\/links\/email.png\"\/><\/a><\/div><\/div><\/div><div style=\"clear:both;\"><\/div><\/div><\/div><\/div>\n<hr \/>\n<div class=\"con-mitte-left\">\n<div id=\"c367\" class=\"csc-default\">\n<h1><span style=\"text-decoration: underline;\"><strong>Aufgaben des Stadtrates<\/strong><\/span><\/h1>\n<div class=\"csc-textpic-text\">\n<p>Der Stadtrat stellt die Vertretung der Gemeindeb\u00fcrger (kommunale Volksvertretung) dar. Die Bezeichnung ist in den verschiedenen deutschen L\u00e4ndern und auch innerhalb derselben je nach Gr\u00f6\u00dfe und Status der Gemeinde verschieden.<\/p>\n<p>Der Gemeinderat ist ein Organ der Gemeinde und die politische Vertretung der Gemeindeb\u00fcrger. Der Gemeinderat ist keine Beh\u00f6rde im institutionellen Sinne. Er entscheidet \u00fcber die Verwaltung der Gemeinde, soweit Angelegenheiten der \u00f6rtlichen Gemeinschaft (eigener Wirkungskreis) oder Angelegenheiten, die das Gesetz den Gemeinden zur Besorgung im Auftrage des Staates zuweist (\u00fcbertragener Wirkungskreis\/Auftragsangelegenheiten), betroffen sind (Allzust\u00e4ndigkeit der Gemeinde) und nicht der B\u00fcrgermeister (in kreisfreien St\u00e4dten und gro\u00dfen Kreisst\u00e4dten Oberb\u00fcrgermeister genannt) zust\u00e4ndig ist (Organzust\u00e4ndigkeit des Stadtrats). Der Stadtrat beschlie\u00dft innerhalb des Aufgabenkreises der Stadt \u00fcber Angelegenheiten, die nicht laufend anfallen und grundlegende Bedeutung haben oder erhebliche Verpflichtungen f\u00fcr die Stadt beinhalten. Der Stadtrat ist nicht f\u00fcr Angelegenheiten zust\u00e4ndig, welche dem B\u00fcrgermeister, Stadtsenat oder Stadtratsausschuss zur selbst\u00e4ndigen Erledigung \u00fcbertragen sind. Der Stadtrat \u00fcberwacht den B\u00fcrgermeister und die Stadtverwaltung, insbesondere die Ausf\u00fchrung seiner Beschl\u00fcsse. Die Dienstaufsicht \u00fcber die Bediensteten der Stadt obliegt dem B\u00fcrgermeister; Art und Ausma\u00df dieser Zust\u00e4ndigkeit legt der Stadtrat in der Gesch\u00e4ftsordnung fest. Der B\u00fcrgermeister f\u00fchrt die Beschl\u00fcsse des Stadtrats aus. Die Beschl\u00fcsse erlangen mit dem Vollzug durch den (Ober-)B\u00fcrgermeister Au\u00dfenwirkung. Die Beschl\u00fcsse sind keine Verwaltungsakte, sondern stellen eine interne Willensbildung dar. Eine Ausnahme hiervon bilden Beschl\u00fcsse, die keines Umsetzungsaktes bed\u00fcrfen, zum Beispiel eine Stra\u00dfenumbenennung<\/p>\n<\/div>\n<\/div>\n<\/div>\n<p>&nbsp;<\/p>\n<p>&nbsp;<\/p>\n<p>[team id=&#8220;101&#8243;]<\/p>\n<p>&nbsp;<\/p>\n","protected":false},"excerpt":{"rendered":"<p>Aufgaben des Stadtrates Der Stadtrat stellt die Vertretung der Gemeindeb\u00fcrger (kommunale Volksvertretung) dar. Die Bezeichnung ist in den verschiedenen deutschen L\u00e4ndern und auch innerhalb derselben je nach Gr\u00f6\u00dfe und Status der Gemeinde verschieden. Der Gemeinderat ist ein Organ der Gemeinde und die politische Vertretung der Gemeindeb\u00fcrger. Der Gemeinderat ist keine Beh\u00f6rde im institutionellen Sinne. Er &hellip; <\/p>\n<p><a class=\"more-link btn\" href=\"https:\/\/uwg-neumarkt-sankt-veit.de\/?tmm=stadtraete\">Weiterlesen<\/a><\/p>\n","protected":false},"author":1,"featured_media":0,"parent":0,"menu_order":0,"comment_status":"closed","ping_status":"closed","template":"template-onecolumn.php","meta":{"footnotes":""},"class_list":["post-30","page","type-page","status-publish","hentry","nodate","item-wrap"],"rttpg_featured_image_url":null,"rttpg_author":{"display_name":"UWG-Admin","author_link":"https:\/\/uwg-neumarkt-sankt-veit.de\/?author=1"},"rttpg_comment":0,"rttpg_category":null,"rttpg_excerpt":"Aufgaben des Stadtrates Der Stadtrat stellt die Vertretung der Gemeindeb\u00fcrger (kommunale Volksvertretung) dar. Die Bezeichnung ist in den verschiedenen deutschen L\u00e4ndern und auch innerhalb derselben je nach Gr\u00f6\u00dfe und Status der Gemeinde verschieden. Der Gemeinderat ist ein Organ der Gemeinde und die politische Vertretung der Gemeindeb\u00fcrger. Der Gemeinderat ist keine Beh\u00f6rde im institutionellen Sinne. Er&hellip;","_links":{"self":[{"href":"https:\/\/uwg-neumarkt-sankt-veit.de\/index.php?rest_route=\/wp\/v2\/pages\/30","targetHints":{"allow":["GET"]}}],"collection":[{"href":"https:\/\/uwg-neumarkt-sankt-veit.de\/index.php?rest_route=\/wp\/v2\/pages"}],"about":[{"href":"https:\/\/uwg-neumarkt-sankt-veit.de\/index.php?rest_route=\/wp\/v2\/types\/page"}],"author":[{"embeddable":true,"href":"https:\/\/uwg-neumarkt-sankt-veit.de\/index.php?rest_route=\/wp\/v2\/users\/1"}],"replies":[{"embeddable":true,"href":"https:\/\/uwg-neumarkt-sankt-veit.de\/index.php?rest_route=%2Fwp%2Fv2%2Fcomments&post=30"}],"version-history":[{"count":29,"href":"https:\/\/uwg-neumarkt-sankt-veit.de\/index.php?rest_route=\/wp\/v2\/pages\/30\/revisions"}],"predecessor-version":[{"id":1205,"href":"https:\/\/uwg-neumarkt-sankt-veit.de\/index.php?rest_route=\/wp\/v2\/pages\/30\/revisions\/1205"}],"wp:attachment":[{"href":"https:\/\/uwg-neumarkt-sankt-veit.de\/index.php?rest_route=%2Fwp%2Fv2%2Fmedia&parent=30"}],"curies":[{"name":"wp","href":"https:\/\/api.w.org\/{rel}","templated":true}]}}